{"id":255,"date":"2017-07-13T16:12:24","date_gmt":"2017-07-13T16:12:24","guid":{"rendered":"http:\/\/bib-facts.barra-is-barra.de\/?page_id=255"},"modified":"2017-08-09T12:22:08","modified_gmt":"2017-08-09T12:22:08","slug":"barra-istvan-z","status":"publish","type":"page","link":"https:\/\/bib-facts.barra-is-barra.de\/?page_id=255","title":{"rendered":"Barra Istv\u00e1n"},"content":{"rendered":"<h2><strong>Sichtbar<\/strong><\/h2>\n<p><a href=\"http:\/\/bib-facts.barra-is-barra.de\/?page_id=376\">Istv\u00e1n<\/a> ist f\u00fcr die visuelle Kommunikation, Konzeption und Gestaltung zust\u00e4ndig.<\/p>\n<p>Ausbildung und Abschluss (Bauhaus-Lehre) in Temeschwar \/ Siebenb\u00fcrgen, Grafiker bei MTV (ungarisches Fernsehen) in Budapest.<\/p>\n<p>Nach Ausreise in die BRD T\u00e4tigkeit als Art Director in verschiedenen Werbeagenturen, Fernsehgrafiker bei Sat1, Dozent f\u00fcr Kommunikation und visuelle Rhetorik, Creative Director in einem Pharmaunternehmen.<\/p>\n<p>Seit 2002 Creative Director bei ZeBARRA \u2013 unserer eigenen Agentur f\u00fcr Kommunikation. Parallel<strong>&#8211;<\/strong>Arbeiten als freier K\u00fcnstler. (Schuhe, Dichter und andere Objekte 1997, Voyeur 1999, Et\u00fcden zur k\u00f6niglichen Kunst 2000-2017<\/p>\n<p><img decoding=\"async\" loading=\"lazy\" class=\"alignleft size-medium wp-image-485\" src=\"http:\/\/bib-facts.barra-is-barra.de\/wp-content\/uploads\/2017\/07\/barraistvan-e1502281285759-268x300.jpg\" alt=\"\" width=\"268\" height=\"300\" srcset=\"https:\/\/bib-facts.barra-is-barra.de\/wp-content\/uploads\/2017\/07\/barraistvan-e1502281285759-268x300.jpg 268w, https:\/\/bib-facts.barra-is-barra.de\/wp-content\/uploads\/2017\/07\/barraistvan-e1502281285759-768x860.jpg 768w, https:\/\/bib-facts.barra-is-barra.de\/wp-content\/uploads\/2017\/07\/barraistvan-e1502281285759-915x1024.jpg 915w, https:\/\/bib-facts.barra-is-barra.de\/wp-content\/uploads\/2017\/07\/barraistvan-e1502281285759.jpg 1458w\" sizes=\"(max-width: 268px) 100vw, 268px\" \/><\/p>\n","protected":false},"excerpt":{"rendered":"<p>Sichtbar Istv\u00e1n ist f\u00fcr die visuelle Kommunikation, Konzeption und Gestaltung zust\u00e4ndig. Ausbildung und Abschluss (Bauhaus-Lehre) in Temeschwar \/ Siebenb\u00fcrgen, Grafiker bei MTV (ungarisches Fernsehen) in Budapest. Nach Ausreise in die BRD T\u00e4tigkeit als Art Director in verschiedenen Werbeagenturen, Fernsehgrafiker bei Sat1, Dozent f\u00fcr Kommunikation und visuelle Rhetorik, Creative Director in einem Pharmaunternehmen. Seit 2002 Creative &hellip; <\/p>\n<p class=\"link-more\"><a href=\"https:\/\/bib-facts.barra-is-barra.de\/?page_id=255\" class=\"more-link\"><span class=\"screen-reader-text\">\u201eBarra Istv\u00e1n\u201c<\/span> weiterlesen<\/a><\/p>\n","protected":false},"author":1,"featured_media":0,"parent":0,"menu_order":0,"comment_status":"closed","ping_status":"closed","template":"","meta":[],"_links":{"self":[{"href":"https:\/\/bib-facts.barra-is-barra.de\/index.php?rest_route=\/wp\/v2\/pages\/255"}],"collection":[{"href":"https:\/\/bib-facts.barra-is-barra.de\/index.php?rest_route=\/wp\/v2\/pages"}],"about":[{"href":"https:\/\/bib-facts.barra-is-barra.de\/index.php?rest_route=\/wp\/v2\/types\/page"}],"author":[{"embeddable":true,"href":"https:\/\/bib-facts.barra-is-barra.de\/index.php?rest_route=\/wp\/v2\/users\/1"}],"replies":[{"embeddable":true,"href":"https:\/\/bib-facts.barra-is-barra.de\/index.php?rest_route=%2Fwp%2Fv2%2Fcomments&post=255"}],"version-history":[{"count":8,"href":"https:\/\/bib-facts.barra-is-barra.de\/index.php?rest_route=\/wp\/v2\/pages\/255\/revisions"}],"predecessor-version":[{"id":500,"href":"https:\/\/bib-facts.barra-is-barra.de\/index.php?rest_route=\/wp\/v2\/pages\/255\/revisions\/500"}],"wp:attachment":[{"href":"https:\/\/bib-facts.barra-is-barra.de\/index.php?rest_route=%2Fwp%2Fv2%2Fmedia&parent=255"}],"curies":[{"name":"wp","href":"https:\/\/api.w.org\/{rel}","templated":true}]}}